{"id":53204,"date":"2023-06-08T14:55:44","date_gmt":"2023-06-08T11:55:44","guid":{"rendered":"https:\/\/www.gpec.ro\/speakeri\/george-raschitor\/"},"modified":"2025-09-10T16:24:03","modified_gmt":"2025-09-10T13:24:03","slug":"george-raschitor","status":"publish","type":"speakeri","link":"https:\/\/www.gpec.ro\/en\/speakeri\/george-raschitor\/","title":{"rendered":"George R\u0103\u0219chitor"},"content":{"rendered":"<p>George R\u0103\u0219chitor este General Manager \u0219i Co-Fondator al agen\u021biei de digital marketing Sinaps, cu peste 15 de ani de expertiz\u0103 \u00een analiz\u0103 \u0219i strategie de marketing. Acest rol \u00eei permite s\u0103 \u00ee\u0219i pun\u0103 \u00een practic\u0103 viziunea \u00eempreun\u0103 cu experien\u021ba \u0219i s\u0103 sus\u021bin\u0103 o echip\u0103 de profesioni\u0219ti c\u0103tre solu\u021bii de marketing inovatoare \u0219i personalizate pentru clien\u021bi.<\/p>\n<p>Parcursul s\u0103u \u00een lumea marketingului a \u00eenceput \u00een 2013, ca Marketing Manager \u00een industria HoReCa \u0219i \u00een cadrul unuia dintre cele mai mari magazine online din Rom\u00e2nia la momentul respectiv. Pe l\u00e2ng\u0103 experien\u021ba \u00een HoReCa \u0219i e-commerce, George a lucrat la zeci de strategii de marketing pentru diferite industrii din Rom\u00e2nia \u0219i Republica Moldova: retail, fashion, beauty, home &amp; deco, toys, tech, health.<\/p>\n<p>George este un sus\u021bin\u0103tor activ al mediului antreprenorial, implicat \u00een comunitatea de business, \u00eemp\u0103rt\u0103\u0219e\u0219te constant din know-how-ul s\u0103u \u0219i ofer\u0103 consultan\u021b\u0103 prin: planificare strategic\u0103, gestionarea eficient\u0103 a bugetelor de marketing \u0219i dezvoltarea strategiilor de brand dedicate antreprenorilor \u0219i start-up-urilor.<\/p>\n","protected":false},"featured_media":53202,"menu_order":11,"template":"","categories":[228],"product_cat":[264],"class_list":["post-53204","speakeri","type-speakeri","status-publish","has-post-thumbnail","hentry","category-speakeri-moldova-en","product_cat-2025-speakeri-summit-oct-en"],"acf":[],"_links":{"self":[{"href":"https:\/\/www.gpec.ro\/en\/wp-json\/wp\/v2\/speakeri\/53204","targetHints":{"allow":["GET"]}}],"collection":[{"href":"https:\/\/www.gpec.ro\/en\/wp-json\/wp\/v2\/speakeri"}],"about":[{"href":"https:\/\/www.gpec.ro\/en\/wp-json\/wp\/v2\/types\/speakeri"}],"version-history":[{"count":2,"href":"https:\/\/www.gpec.ro\/en\/wp-json\/wp\/v2\/speakeri\/53204\/revisions"}],"predecessor-version":[{"id":62558,"href":"https:\/\/www.gpec.ro\/en\/wp-json\/wp\/v2\/speakeri\/53204\/revisions\/62558"}],"wp:featuredmedia":[{"embeddable":true,"href":"https:\/\/www.gpec.ro\/en\/wp-json\/wp\/v2\/media\/53202"}],"wp:attachment":[{"href":"https:\/\/www.gpec.ro\/en\/wp-json\/wp\/v2\/media?parent=53204"}],"wp:term":[{"taxonomy":"category","embeddable":true,"href":"https:\/\/www.gpec.ro\/en\/wp-json\/wp\/v2\/categories?post=53204"},{"taxonomy":"product_cat","embeddable":true,"href":"https:\/\/www.gpec.ro\/en\/wp-json\/wp\/v2\/product_cat?post=53204"}],"curies":[{"name":"wp","href":"https:\/\/api.w.org\/{rel}","templated":true}]}}